{"id":87,"date":"2016-11-11T22:04:19","date_gmt":"2016-11-11T22:04:19","guid":{"rendered":"http:\/\/antoine-blouet-psychotherapie.fr\/?page_id=87"},"modified":"2025-09-03T17:11:21","modified_gmt":"2025-09-03T17:11:21","slug":"mentions-legales","status":"publish","type":"page","link":"https:\/\/antoine-blouet-psychotherapie.fr\/index.php\/mentions-legales\/","title":{"rendered":"Mentions l\u00e9gales"},"content":{"rendered":"<p>Site r\u00e9a\u00adli\u00ads\u00e9 par Antoine Blouet.<br>8 rue Louis Hubert \u2013 78140 V\u00e9lizy-Villacoublay \u2013 France<br><span class=\"caps\">SIRET<\/span>&nbsp;: 824 109 508 00013<br><span class=\"caps\">APE<\/span>&nbsp;: <span class=\"caps\">8690F<\/span><\/p>\n<p>Site h\u00e9ber\u00adg\u00e9 par Ikoula, 175\u2013177 rue d\u2019Aguesseau \u2013 92100 Boulogne-Billancourt \u2013 France. T\u00e9l. 01 84 01 02 50.<br>Ce site a \u00e9t\u00e9 con\u00e7u avec <a href=\"https:\/\/fr.wordpress.org\/\" target=\"_blank\" rel=\"noopener noreferrer\">WordPress<\/a>.<\/p>\n<p><strong>M\u00e9diation de la consom\u00adma\u00adtion<br><\/strong>Conform\u00e9ment aux dis\u00adpo\u00adsi\u00adtions des articles L 611\u20131 \u00e0 L 616\u20133 et R 612\u20131 \u00e0 R 616\u20132 du Code de la consom\u00adma\u00adtion concer\u00adnant le r\u00e8gle\u00adment amiable des litiges, lorsque le consom\u00adma\u00adteur a adres\u00ads\u00e9 une r\u00e9cla\u00adma\u00adtion \u00e9crite au pro\u00adfes\u00adsion\u00adnel et que les suites don\u00adn\u00e9es \u00e0 celle-ci ne lui ont pas don\u00adn\u00e9 satis\u00adfac\u00adtion, il peut sou\u00admettre gra\u00adtui\u00adte\u00adment sa r\u00e9cla\u00adma\u00adtion au m\u00e9dia\u00adteur de la consom\u00adma\u00adtion avec lequel le pro\u00adfes\u00adsion\u00adnel a pas\u00ads\u00e9 une conven\u00adtion (<span class=\"caps\">SAS<\/span> M\u00e9diation Solution). Le m\u00e9dia\u00adteur doit \u00eatre sai\u00adsi dans le d\u00e9lai maxi\u00admal d\u2019un an \u00e0 comp\u00adter de la r\u00e9cla\u00adma\u00adtion ini\u00adtiale.<br>Le m\u00e9dia\u00adteur <span class=\"caps\">SAS<\/span> M\u00e9diation Solution peut \u00eatre sai\u00adsi&nbsp;:<br>- en ligne&nbsp;: <a href=\"https:\/\/sasmediationsolution-conso.fr\/\" target=\"_blank\" rel=\"noopener noreferrer\">https:\/\/sasmediationsolution-conso.fr\/<\/a><br>- par cour\u00adrier&nbsp;: 222, che\u00admin de la Bergerie 01800 Saint-Jean-de-Niost.<\/p>\n<p><strong>Informations rela\u00adtives au R\u00e8glement g\u00e9n\u00e9\u00adral sur la pro\u00adtec\u00adtion des don\u00adn\u00e9es per\u00adson\u00adnelles (<span class=\"caps\">RGPD<\/span>)<br><\/strong>D\u2019une fa\u00e7on g\u00e9n\u00e9\u00adrale, vous pou\u00advez visi\u00adter ce site sans avoir \u00e0 d\u00e9cli\u00adner votre iden\u00adti\u00adt\u00e9 ni four\u00adnir d\u2019in\u00adfor\u00adma\u00adtions per\u00adson\u00adnelles vous concer\u00adnant.<br>Lorsque vous uti\u00adli\u00adsez les fonc\u00adtions d\u2019en\u00advoi d\u2019email, les don\u00adn\u00e9es que vous four\u00adnis\u00adsez sont stric\u00adte\u00adment r\u00e9ser\u00adv\u00e9es \u00e0 l\u2019u\u00adsage de l\u2019ac\u00adti\u00advi\u00adt\u00e9 de psy\u00adcho\u00adth\u00e9\u00adra\u00adpie d\u2019Antoine Blouet, afin de vous garan\u00adtir un ser\u00advice de qua\u00adli\u00adt\u00e9. Ces infor\u00adma\u00adtions sont confi\u00adden\u00adtielles et trai\u00adt\u00e9es confor\u00adm\u00e9\u00adment \u00e0 la loi n\u00b0 78\u201317 du 6 jan\u00advier 1978 dite \u00ab&nbsp;Informatique et Libert\u00e9s&nbsp;\u00bb, et aux enga\u00adge\u00adments d\u00e9on\u00adto\u00adlo\u00adgiques pro\u00adfes\u00adsion\u00adnels d\u2019Antoine Blouet (voir la page <a href=\"https:\/\/antoine-blouet-psychotherapie.fr\/index.php\/deontologie\/\">D\u00e9ontologie<\/a>). Elles ne peuvent en aucune fa\u00e7on faire l\u2019ob\u00adjet de ces\u00adsion ou de vente \u00e0 des tiers. Vous dis\u00adpo\u00adsez d\u2019un droit d\u2019acc\u00e8s, de rec\u00adti\u00adfi\u00adca\u00adtion, de modi\u00adfi\u00adca\u00adtion et de sup\u00adpres\u00adsion des infor\u00adma\u00adtions per\u00adson\u00adnelles vous concer\u00adnant, que vous pou\u00advez exer\u00adcer \u00e0 tout moment en adres\u00adsant un simple mail \u00e0 l\u2019adresse sui\u00advante&nbsp;:<br>antoine-blouet-psychotherapie@outlook.fr<br>Antoine Blouet conserve vos don\u00adn\u00e9es pour la dur\u00e9e n\u00e9ces\u00adsaire \u00e0 la th\u00e9\u00adra\u00adpie que vous enga\u00adgez avec lui. Votre dos\u00adsier est archi\u00adv\u00e9 afin qu\u2019il puisse y acc\u00e9\u00adder en cas de nou\u00adveau contact de votre part.<br>A l\u2019oc\u00adca\u00adsion de la consul\u00adta\u00adtion de ce site, des cookies peuvent \u00eatre enre\u00adgis\u00adtr\u00e9s sur votre ordi\u00adna\u00adteur par vos navi\u00adga\u00adteurs ou par WordPress, la pla\u00adte\u00adforme qui a ser\u00advi \u00e0 sa r\u00e9a\u00adli\u00adsa\u00adtion. Ces fichiers ne me per\u00admettent pas de vous iden\u00adti\u00adfier et je ne les uti\u00adlise pas, m\u00eame \u00e0 des fins sta\u00adtis\u00adtiques. Ils enre\u00adgistrent des infor\u00adma\u00adtions rela\u00adtives \u00e0 votre navi\u00adga\u00adtion sur ce site. Vous pou\u00advez, \u00e0 par\u00adtir de votre ordi\u00adna\u00adteur, vous oppo\u00adser \u00e0 l\u2019enregistrement de cookies sur votre&nbsp;poste.<\/p>\n<p><strong>Propri\u00e9t\u00e9 intel\u00adlec\u00adtuelle<\/strong><br>Le site et cha\u00adcun des \u00e9l\u00e9\u00adments, y com\u00adpris mais sans limi\u00adta\u00adtion, les textes, les marques, les logos, ic\u00f4nes, info\u00adgra\u00adphies, pho\u00adto\u00adgra\u00adphies qui le com\u00adposent sont pro\u00adt\u00e9\u00adg\u00e9s au titre de la l\u00e9gis\u00adla\u00adtion inter\u00adna\u00adtio\u00adnale de la pro\u00adpri\u00e9\u00adt\u00e9 intel\u00adlec\u00adtuelle.<br>Toute uti\u00adli\u00adsa\u00adtion, repro\u00adduc\u00adtion ou repr\u00e9\u00adsen\u00adta\u00adtion, par quelque pro\u00adc\u00e9\u00add\u00e9 que ce soit et sur quelque sup\u00adport que ce soit, de tout ou par\u00adtie du site et\/\u200bou des \u00e9l\u00e9\u00adments qui le com\u00adposent n\u2019est pas auto\u00adri\u00ads\u00e9e sans le consen\u00adte\u00adment \u00e9crit d\u2019Antoine Blouet.<\/p>\n\n\n<p><\/p>\n","protected":false},"excerpt":{"rendered":"<p>Site r\u00e9a\u00adli\u00ads\u00e9 par Antoine Blouet.8 rue Louis Hubert \u2013 78140 V\u00e9lizy-Villacoublay \u2013 FranceSIRET&nbsp;: 824 109 508 <span class=\"caps\">00013APE<\/span>&nbsp;: <span class=\"caps\">8690F<\/span> Site h\u00e9ber\u00adg\u00e9 par Ikoula, 175\u2013177 rue d\u2019Aguesseau \u2013 92100 Boulogne-Billancourt \u2013 France. T\u00e9l. 01 84 01 02 50.Ce site a \u00e9t\u00e9 con\u00e7u avec WordPress. M\u00e9diation de la consom\u00adma\u00adtionConform\u00e9ment aux dis\u00adpo\u00adsi\u00adtions des articles L 611\u20131 \u00e0 L 616\u20133 \u2026 <a href=\"https:\/\/antoine-blouet-psychotherapie.fr\/index.php\/mentions-legales\/\" class=\"more-link\">Continuer la lec\u00adture de <span class=\"screen-reader-text\">Mentions l\u00e9gales<\/span><\/a><\/p>\n","protected":false},"author":1,"featured_media":0,"parent":0,"menu_order":0,"comment_status":"closed","ping_status":"closed","template":"","meta":{"wp_typography_post_enhancements_disabled":false,"footnotes":""},"class_list":["post-87","page","type-page","status-publish","hentry"],"yoast_head":"<!-- This site is optimized with the Yoast SEO plugin v27.5 - https:\/\/yoast.com\/product\/yoast-seo-wordpress\/ -->\n<title>Mentions l\u00e9gales - Antoine Blouet Psychoth\u00e9rapie<\/title>\n<meta name=\"description\" content=\"Mentions l\u00e9gales\" \/>\n<meta name=\"robots\" content=\"index, follow, max-snippet:-1, max-image-preview:large, max-video-preview:-1\" \/>\n<link rel=\"canonical\" href=\"https:\/\/antoine-blouet-psychotherapie.fr\/index.php\/mentions-legales\/\" \/>\n<meta property=\"og:locale\" content=\"fr_FR\" \/>\n<meta property=\"og:type\" content=\"article\" \/>\n<meta property=\"og:title\" content=\"Mentions l\u00e9gales - Antoine Blouet Psychoth\u00e9rapie\" \/>\n<meta property=\"og:description\" content=\"Mentions l\u00e9gales\" \/>\n<meta property=\"og:url\" content=\"https:\/\/antoine-blouet-psychotherapie.fr\/index.php\/mentions-legales\/\" \/>\n<meta property=\"og:site_name\" content=\"Antoine Blouet Psychoth\u00e9rapie\" \/>\n<meta property=\"article:modified_time\" content=\"2025-09-03T17:11:21+00:00\" \/>\n<meta name=\"twitter:card\" content=\"summary_large_image\" \/>\n<meta name=\"twitter:label1\" content=\"Dur\u00e9e de lecture estim\u00e9e\" \/>\n\t<meta name=\"twitter:data1\" content=\"3 minutes\" \/>\n<script type=\"application\/ld+json\" class=\"yoast-schema-graph\">{\"@context\":\"https:\\\/\\\/schema.org\",\"@graph\":[{\"@type\":\"WebPage\",\"@id\":\"https:\\\/\\\/antoine-blouet-psychotherapie.fr\\\/index.php\\\/mentions-legales\\\/\",\"url\":\"https:\\\/\\\/antoine-blouet-psychotherapie.fr\\\/index.php\\\/mentions-legales\\\/\",\"name\":\"Mentions l\u00e9gales - Antoine Blouet Psychoth\u00e9rapie\",\"isPartOf\":{\"@id\":\"https:\\\/\\\/antoine-blouet-psychotherapie.fr\\\/#website\"},\"datePublished\":\"2016-11-11T22:04:19+00:00\",\"dateModified\":\"2025-09-03T17:11:21+00:00\",\"description\":\"Mentions l\u00e9gales\",\"breadcrumb\":{\"@id\":\"https:\\\/\\\/antoine-blouet-psychotherapie.fr\\\/index.php\\\/mentions-legales\\\/#breadcrumb\"},\"inLanguage\":\"fr-FR\",\"potentialAction\":[{\"@type\":\"ReadAction\",\"target\":[\"https:\\\/\\\/antoine-blouet-psychotherapie.fr\\\/index.php\\\/mentions-legales\\\/\"]}]},{\"@type\":\"BreadcrumbList\",\"@id\":\"https:\\\/\\\/antoine-blouet-psychotherapie.fr\\\/index.php\\\/mentions-legales\\\/#breadcrumb\",\"itemListElement\":[{\"@type\":\"ListItem\",\"position\":1,\"name\":\"Accueil\",\"item\":\"https:\\\/\\\/antoine-blouet-psychotherapie.fr\\\/\"},{\"@type\":\"ListItem\",\"position\":2,\"name\":\"Mentions l\u00e9gales\"}]},{\"@type\":\"WebSite\",\"@id\":\"https:\\\/\\\/antoine-blouet-psychotherapie.fr\\\/#website\",\"url\":\"https:\\\/\\\/antoine-blouet-psychotherapie.fr\\\/\",\"name\":\"Antoine Blouet Psychoth\u00e9rapie\",\"description\":\"Se faire accompagner, un pas vers le changement\",\"potentialAction\":[{\"@type\":\"SearchAction\",\"target\":{\"@type\":\"EntryPoint\",\"urlTemplate\":\"https:\\\/\\\/antoine-blouet-psychotherapie.fr\\\/?s={search_term_string}\"},\"query-input\":{\"@type\":\"PropertyValueSpecification\",\"valueRequired\":true,\"valueName\":\"search_term_string\"}}],\"inLanguage\":\"fr-FR\"}]}<\/script>\n<!-- \/ Yoast SEO plugin. -->","yoast_head_json":{"title":"Mentions l\u00e9gales - Antoine Blouet Psychoth\u00e9rapie","description":"Mentions l\u00e9gales","robots":{"index":"index","follow":"follow","max-snippet":"max-snippet:-1","max-image-preview":"max-image-preview:large","max-video-preview":"max-video-preview:-1"},"canonical":"https:\/\/antoine-blouet-psychotherapie.fr\/index.php\/mentions-legales\/","og_locale":"fr_FR","og_type":"article","og_title":"Mentions l\u00e9gales - Antoine Blouet Psychoth\u00e9rapie","og_description":"Mentions l\u00e9gales","og_url":"https:\/\/antoine-blouet-psychotherapie.fr\/index.php\/mentions-legales\/","og_site_name":"Antoine Blouet Psychoth\u00e9rapie","article_modified_time":"2025-09-03T17:11:21+00:00","twitter_card":"summary_large_image","twitter_misc":{"Dur\u00e9e de lecture estim\u00e9e":"3 minutes"},"schema":{"@context":"https:\/\/schema.org","@graph":[{"@type":"WebPage","@id":"https:\/\/antoine-blouet-psychotherapie.fr\/index.php\/mentions-legales\/","url":"https:\/\/antoine-blouet-psychotherapie.fr\/index.php\/mentions-legales\/","name":"Mentions l\u00e9gales - Antoine Blouet Psychoth\u00e9rapie","isPartOf":{"@id":"https:\/\/antoine-blouet-psychotherapie.fr\/#website"},"datePublished":"2016-11-11T22:04:19+00:00","dateModified":"2025-09-03T17:11:21+00:00","description":"Mentions l\u00e9gales","breadcrumb":{"@id":"https:\/\/antoine-blouet-psychotherapie.fr\/index.php\/mentions-legales\/#breadcrumb"},"inLanguage":"fr-FR","potentialAction":[{"@type":"ReadAction","target":["https:\/\/antoine-blouet-psychotherapie.fr\/index.php\/mentions-legales\/"]}]},{"@type":"BreadcrumbList","@id":"https:\/\/antoine-blouet-psychotherapie.fr\/index.php\/mentions-legales\/#breadcrumb","itemListElement":[{"@type":"ListItem","position":1,"name":"Accueil","item":"https:\/\/antoine-blouet-psychotherapie.fr\/"},{"@type":"ListItem","position":2,"name":"Mentions l\u00e9gales"}]},{"@type":"WebSite","@id":"https:\/\/antoine-blouet-psychotherapie.fr\/#website","url":"https:\/\/antoine-blouet-psychotherapie.fr\/","name":"Antoine Blouet Psychoth\u00e9rapie","description":"Se faire accompagner, un pas vers le changement","potentialAction":[{"@type":"SearchAction","target":{"@type":"EntryPoint","urlTemplate":"https:\/\/antoine-blouet-psychotherapie.fr\/?s={search_term_string}"},"query-input":{"@type":"PropertyValueSpecification","valueRequired":true,"valueName":"search_term_string"}}],"inLanguage":"fr-FR"}]}},"_links":{"self":[{"href":"https:\/\/antoine-blouet-psychotherapie.fr\/index.php\/wp-json\/wp\/v2\/pages\/87","targetHints":{"allow":["GET"]}}],"collection":[{"href":"https:\/\/antoine-blouet-psychotherapie.fr\/index.php\/wp-json\/wp\/v2\/pages"}],"about":[{"href":"https:\/\/antoine-blouet-psychotherapie.fr\/index.php\/wp-json\/wp\/v2\/types\/page"}],"author":[{"embeddable":true,"href":"https:\/\/antoine-blouet-psychotherapie.fr\/index.php\/wp-json\/wp\/v2\/users\/1"}],"replies":[{"embeddable":true,"href":"https:\/\/antoine-blouet-psychotherapie.fr\/index.php\/wp-json\/wp\/v2\/comments?post=87"}],"version-history":[{"count":12,"href":"https:\/\/antoine-blouet-psychotherapie.fr\/index.php\/wp-json\/wp\/v2\/pages\/87\/revisions"}],"predecessor-version":[{"id":745,"href":"https:\/\/antoine-blouet-psychotherapie.fr\/index.php\/wp-json\/wp\/v2\/pages\/87\/revisions\/745"}],"wp:attachment":[{"href":"https:\/\/antoine-blouet-psychotherapie.fr\/index.php\/wp-json\/wp\/v2\/media?parent=87"}],"curies":[{"name":"wp","href":"https:\/\/api.w.org\/{rel}","templated":true}]}}