{"id":51,"date":"2016-11-11T21:04:50","date_gmt":"2016-11-11T21:04:50","guid":{"rendered":"http:\/\/antoine-blouet-psychotherapie.fr\/?page_id=51"},"modified":"2025-09-03T08:53:53","modified_gmt":"2025-09-03T08:53:53","slug":"contact-et-acces-a-mon-cabinet","status":"publish","type":"page","link":"https:\/\/antoine-blouet-psychotherapie.fr\/index.php\/contact-et-acces-a-mon-cabinet\/","title":{"rendered":"Contact et&nbsp;acc\u00e8s"},"content":{"rendered":"\n<h2 class=\"wp-block-heading\">Contact<\/h2>\n\n\n\n<p>Je re\u00e7ois \u00e0 mon cabi\u00adnet sur ren\u00addez-vous (de 9h \u00e0 20h du lun\u00addi au ven\u00addre\u00addi, <a href=\"https:\/\/antoine-blouet-psychotherapie.fr\/index.php\/ma-pratique-de-la-psychotherapie\/\">psy\u00adcho\u00adth\u00e9\u00adra\u00adpie indi\u00advi\u00adduelle<\/a> et <a href=\"https:\/\/antoine-blouet-psychotherapie.fr\/index.php\/therapie-de-couple-velizy-chaville\/\">th\u00e9\u00adra\u00adpie de couple<\/a>).<br>Adresse&nbsp;: <strong>8, rue Louis Hubert \u2013 78140 V\u00e9lizy-Villacoublay<br><\/strong>T\u00e9l\u00e9phone&nbsp;: <strong>06 66 99 00 83<\/strong><br>Email&nbsp;: <a href=\"mailto:antoine-blouet-psychotherapie@outlook.fr\">antoine-blouet-psychotherapie@outlook.fr<\/a><\/p>\n\n\n\n<h2 class=\"wp-block-heading\">Acc\u00e8s \u00e0 mon cabinet<\/h2>\n\n\n\n<p><iframe loading=\"lazy\" style=\"border: 0;\" src=\"https:\/\/www.google.com\/maps\/embed?pb=!1m18!1m12!1m3!1d42051.438255225876!2d2.182938451610571!3d48.79687717917989!2m3!1f0!2f0!3f0!3m2!1i1024!2i768!4f13.1!3m3!1m2!1s0x47e67bf50442fda1%3A0x6adf1492357c70b4!2s8+Rue+Louis+Hubert%2C+78140+V%C3%A9lizy-Villacoublay!5e0!3m2!1sfr!2sfr!4v1478910616686\" width=\"600\" height=\"450\" frameborder=\"0\" allowfullscreen=\"allowfullscreen\"><\/iframe><\/p>\n\n\n\n<p>Mon cabi\u00adnet est situ\u00e9 \u00e0 V\u00e9lizy Bas, \u00e0 la limite de Chaville, de Viroflay et de V\u00e9lizy-Villacoublay.<br>Acc\u00e8s&nbsp;:<br><strong>\u2022 Voiture<\/strong> (voir plan ci-des\u00adsus) :<br>A 5 minutes de l\u2019<span class=\"caps\">A86<\/span> (sor\u00adtie <em>V\u00e9lizy-Villacoublay centre<\/em>) et de la <span class=\"caps\">N118<\/span> (sor\u00adtie 2 <em>Meudon centre Chaville<\/em>).<br>5\u201310 minutes depuis Chaville, Viroflay et V\u00e9lizy.<br>15 minutes depuis Versailles, Meudon, S\u00e8vres, Jouy-en-Josas, Bi\u00e8vres.<br>20 minutes depuis Boulogne, Issy-les-Moulineaux, Le Chesnay, Le Plessis-Robinson, Clamart, Buc, Ch\u00e2tenay-Malabry, Igny, Guyancourt, Saint-Cyr\u2011l\u2019\u00c9cole, Montigny-le-Bretonneux.<br><strong>\u2022 <span class=\"caps\">RER<\/span>&nbsp;:<\/strong> sta\u00adtion Chaville-V\u00e9lizy \u00e0 400 m\u00e8tres (<span class=\"caps\">RER<\/span> C).<br><strong>\u2022 Train&nbsp;:<\/strong> sta\u00adtion Chaville Rive-Gauche \u00e0 1,1 km (Ligne N Paris Montparnasse \/\u200b Versailles Chantiers \/\u200b Rambouillet \/\u200b Mantes-la-Jolie).<br><strong>\u2022 Bus&nbsp;:<\/strong> arr\u00eat Albert Perdreaux \u00e0 300 m\u00e8tres (lignes Ph\u00e9bus 31, 32, 33, 34, cor\u00adres\u00adpon\u00addance rapide avec le tram\u00adway <span class=\"caps\">T6<\/span> Viroflay-Ch\u00e2tillon-Montrouge).<\/p>\n\n\n\n<p><\/p>\n","protected":false},"excerpt":{"rendered":"<p>Contact Je re\u00e7ois \u00e0 mon cabi\u00adnet sur ren\u00ad\u00addez-vous (de 9h \u00e0 20h du lun\u00addi au ven\u00addre\u00addi, psy\u00adcho\u00adth\u00e9\u00adra\u00adpie indi\u00advi\u00adduelle et th\u00e9\u00adra\u00adpie de couple).Adresse&nbsp;: 8, rue Louis Hubert \u2013 78140 V\u00e9lizy-VillacoublayT\u00e9l\u00e9phone&nbsp;: 06 66 99 00 83Email&nbsp;: antoine-blouet-psychotherapie@outlook.fr Acc\u00e8s \u00e0 mon cabi\u00adnet Mon cabi\u00adnet est situ\u00e9 \u00e0 V\u00e9lizy Bas, \u00e0 la limite de Chaville, de Viroflay et de \u2026 <a href=\"https:\/\/antoine-blouet-psychotherapie.fr\/index.php\/contact-et-acces-a-mon-cabinet\/\" class=\"more-link\">Continuer la lec\u00adture de <span class=\"screen-reader-text\">Contact et&nbsp;acc\u00e8s<\/span><\/a><\/p>\n","protected":false},"author":1,"featured_media":0,"parent":0,"menu_order":0,"comment_status":"closed","ping_status":"closed","template":"","meta":{"wp_typography_post_enhancements_disabled":false,"footnotes":""},"class_list":["post-51","page","type-page","status-publish","hentry"],"yoast_head":"<!-- This site is optimized with the Yoast SEO plugin v27.5 - https:\/\/yoast.com\/product\/yoast-seo-wordpress\/ -->\n<title>Contact et acc\u00e8s - Antoine Blouet Psychoth\u00e9rapie<\/title>\n<meta name=\"description\" content=\"Contact et acc\u00e8s \u00e0 mon cabinet de psychoth\u00e9rapie \u00e0 V\u00e9lizy-Villacoublay, proche de Versailles, Chaville et Viroflay.\" \/>\n<meta name=\"robots\" content=\"index, follow, max-snippet:-1, max-image-preview:large, max-video-preview:-1\" \/>\n<link rel=\"canonical\" href=\"https:\/\/antoine-blouet-psychotherapie.fr\/index.php\/contact-et-acces-a-mon-cabinet\/\" \/>\n<meta property=\"og:locale\" content=\"fr_FR\" \/>\n<meta property=\"og:type\" content=\"article\" \/>\n<meta property=\"og:title\" content=\"Contact et acc\u00e8s - Antoine Blouet Psychoth\u00e9rapie\" \/>\n<meta property=\"og:description\" content=\"Contact et acc\u00e8s \u00e0 mon cabinet de psychoth\u00e9rapie \u00e0 V\u00e9lizy-Villacoublay, proche de Versailles, Chaville et Viroflay.\" \/>\n<meta property=\"og:url\" content=\"https:\/\/antoine-blouet-psychotherapie.fr\/index.php\/contact-et-acces-a-mon-cabinet\/\" \/>\n<meta property=\"og:site_name\" content=\"Antoine Blouet Psychoth\u00e9rapie\" \/>\n<meta property=\"article:modified_time\" content=\"2025-09-03T08:53:53+00:00\" \/>\n<meta name=\"twitter:card\" content=\"summary_large_image\" \/>\n<meta name=\"twitter:label1\" content=\"Dur\u00e9e de lecture estim\u00e9e\" \/>\n\t<meta name=\"twitter:data1\" content=\"1 minute\" \/>\n<script type=\"application\/ld+json\" class=\"yoast-schema-graph\">{\"@context\":\"https:\\\/\\\/schema.org\",\"@graph\":[{\"@type\":\"WebPage\",\"@id\":\"https:\\\/\\\/antoine-blouet-psychotherapie.fr\\\/index.php\\\/contact-et-acces-a-mon-cabinet\\\/\",\"url\":\"https:\\\/\\\/antoine-blouet-psychotherapie.fr\\\/index.php\\\/contact-et-acces-a-mon-cabinet\\\/\",\"name\":\"Contact et acc\u00e8s - Antoine Blouet Psychoth\u00e9rapie\",\"isPartOf\":{\"@id\":\"https:\\\/\\\/antoine-blouet-psychotherapie.fr\\\/#website\"},\"datePublished\":\"2016-11-11T21:04:50+00:00\",\"dateModified\":\"2025-09-03T08:53:53+00:00\",\"description\":\"Contact et acc\u00e8s \u00e0 mon cabinet de psychoth\u00e9rapie \u00e0 V\u00e9lizy-Villacoublay, proche de Versailles, Chaville et Viroflay.\",\"breadcrumb\":{\"@id\":\"https:\\\/\\\/antoine-blouet-psychotherapie.fr\\\/index.php\\\/contact-et-acces-a-mon-cabinet\\\/#breadcrumb\"},\"inLanguage\":\"fr-FR\",\"potentialAction\":[{\"@type\":\"ReadAction\",\"target\":[\"https:\\\/\\\/antoine-blouet-psychotherapie.fr\\\/index.php\\\/contact-et-acces-a-mon-cabinet\\\/\"]}]},{\"@type\":\"BreadcrumbList\",\"@id\":\"https:\\\/\\\/antoine-blouet-psychotherapie.fr\\\/index.php\\\/contact-et-acces-a-mon-cabinet\\\/#breadcrumb\",\"itemListElement\":[{\"@type\":\"ListItem\",\"position\":1,\"name\":\"Accueil\",\"item\":\"https:\\\/\\\/antoine-blouet-psychotherapie.fr\\\/\"},{\"@type\":\"ListItem\",\"position\":2,\"name\":\"Contact et acc\u00e8s\"}]},{\"@type\":\"WebSite\",\"@id\":\"https:\\\/\\\/antoine-blouet-psychotherapie.fr\\\/#website\",\"url\":\"https:\\\/\\\/antoine-blouet-psychotherapie.fr\\\/\",\"name\":\"Antoine Blouet Psychoth\u00e9rapie\",\"description\":\"Se faire accompagner, un pas vers le changement\",\"potentialAction\":[{\"@type\":\"SearchAction\",\"target\":{\"@type\":\"EntryPoint\",\"urlTemplate\":\"https:\\\/\\\/antoine-blouet-psychotherapie.fr\\\/?s={search_term_string}\"},\"query-input\":{\"@type\":\"PropertyValueSpecification\",\"valueRequired\":true,\"valueName\":\"search_term_string\"}}],\"inLanguage\":\"fr-FR\"}]}<\/script>\n<!-- \/ Yoast SEO plugin. -->","yoast_head_json":{"title":"Contact et acc\u00e8s - Antoine Blouet Psychoth\u00e9rapie","description":"Contact et acc\u00e8s \u00e0 mon cabinet de psychoth\u00e9rapie \u00e0 V\u00e9lizy-Villacoublay, proche de Versailles, Chaville et Viroflay.","robots":{"index":"index","follow":"follow","max-snippet":"max-snippet:-1","max-image-preview":"max-image-preview:large","max-video-preview":"max-video-preview:-1"},"canonical":"https:\/\/antoine-blouet-psychotherapie.fr\/index.php\/contact-et-acces-a-mon-cabinet\/","og_locale":"fr_FR","og_type":"article","og_title":"Contact et acc\u00e8s - Antoine Blouet Psychoth\u00e9rapie","og_description":"Contact et acc\u00e8s \u00e0 mon cabinet de psychoth\u00e9rapie \u00e0 V\u00e9lizy-Villacoublay, proche de Versailles, Chaville et Viroflay.","og_url":"https:\/\/antoine-blouet-psychotherapie.fr\/index.php\/contact-et-acces-a-mon-cabinet\/","og_site_name":"Antoine Blouet Psychoth\u00e9rapie","article_modified_time":"2025-09-03T08:53:53+00:00","twitter_card":"summary_large_image","twitter_misc":{"Dur\u00e9e de lecture estim\u00e9e":"1 minute"},"schema":{"@context":"https:\/\/schema.org","@graph":[{"@type":"WebPage","@id":"https:\/\/antoine-blouet-psychotherapie.fr\/index.php\/contact-et-acces-a-mon-cabinet\/","url":"https:\/\/antoine-blouet-psychotherapie.fr\/index.php\/contact-et-acces-a-mon-cabinet\/","name":"Contact et acc\u00e8s - Antoine Blouet Psychoth\u00e9rapie","isPartOf":{"@id":"https:\/\/antoine-blouet-psychotherapie.fr\/#website"},"datePublished":"2016-11-11T21:04:50+00:00","dateModified":"2025-09-03T08:53:53+00:00","description":"Contact et acc\u00e8s \u00e0 mon cabinet de psychoth\u00e9rapie \u00e0 V\u00e9lizy-Villacoublay, proche de Versailles, Chaville et Viroflay.","breadcrumb":{"@id":"https:\/\/antoine-blouet-psychotherapie.fr\/index.php\/contact-et-acces-a-mon-cabinet\/#breadcrumb"},"inLanguage":"fr-FR","potentialAction":[{"@type":"ReadAction","target":["https:\/\/antoine-blouet-psychotherapie.fr\/index.php\/contact-et-acces-a-mon-cabinet\/"]}]},{"@type":"BreadcrumbList","@id":"https:\/\/antoine-blouet-psychotherapie.fr\/index.php\/contact-et-acces-a-mon-cabinet\/#breadcrumb","itemListElement":[{"@type":"ListItem","position":1,"name":"Accueil","item":"https:\/\/antoine-blouet-psychotherapie.fr\/"},{"@type":"ListItem","position":2,"name":"Contact et acc\u00e8s"}]},{"@type":"WebSite","@id":"https:\/\/antoine-blouet-psychotherapie.fr\/#website","url":"https:\/\/antoine-blouet-psychotherapie.fr\/","name":"Antoine Blouet Psychoth\u00e9rapie","description":"Se faire accompagner, un pas vers le changement","potentialAction":[{"@type":"SearchAction","target":{"@type":"EntryPoint","urlTemplate":"https:\/\/antoine-blouet-psychotherapie.fr\/?s={search_term_string}"},"query-input":{"@type":"PropertyValueSpecification","valueRequired":true,"valueName":"search_term_string"}}],"inLanguage":"fr-FR"}]}},"_links":{"self":[{"href":"https:\/\/antoine-blouet-psychotherapie.fr\/index.php\/wp-json\/wp\/v2\/pages\/51","targetHints":{"allow":["GET"]}}],"collection":[{"href":"https:\/\/antoine-blouet-psychotherapie.fr\/index.php\/wp-json\/wp\/v2\/pages"}],"about":[{"href":"https:\/\/antoine-blouet-psychotherapie.fr\/index.php\/wp-json\/wp\/v2\/types\/page"}],"author":[{"embeddable":true,"href":"https:\/\/antoine-blouet-psychotherapie.fr\/index.php\/wp-json\/wp\/v2\/users\/1"}],"replies":[{"embeddable":true,"href":"https:\/\/antoine-blouet-psychotherapie.fr\/index.php\/wp-json\/wp\/v2\/comments?post=51"}],"version-history":[{"count":31,"href":"https:\/\/antoine-blouet-psychotherapie.fr\/index.php\/wp-json\/wp\/v2\/pages\/51\/revisions"}],"predecessor-version":[{"id":698,"href":"https:\/\/antoine-blouet-psychotherapie.fr\/index.php\/wp-json\/wp\/v2\/pages\/51\/revisions\/698"}],"wp:attachment":[{"href":"https:\/\/antoine-blouet-psychotherapie.fr\/index.php\/wp-json\/wp\/v2\/media?parent=51"}],"curies":[{"name":"wp","href":"https:\/\/api.w.org\/{rel}","templated":true}]}}