{"id":47,"date":"2016-11-11T19:04:26","date_gmt":"2016-11-11T19:04:26","guid":{"rendered":"http:\/\/antoine-blouet-psychotherapie.fr\/?page_id=47"},"modified":"2025-09-03T17:07:03","modified_gmt":"2025-09-03T17:07:03","slug":"quest-ce-que-la-gestalt-therapie","status":"publish","type":"page","link":"https:\/\/antoine-blouet-psychotherapie.fr\/index.php\/quest-ce-que-la-gestalt-therapie\/","title":{"rendered":"La Gestalt-th\u00e9rapie"},"content":{"rendered":"\n<p>Je pra\u00adtique la Gestalt-th\u00e9\u00adra\u00adpie, une des nom\u00adbreuses formes de psy\u00adcho\u00adth\u00e9\u00adra\u00adpies exis\u00adtant actuel\u00adle\u00adment en France.<\/p>\n\n\n\n<h2 class=\"wp-block-heading\"><strong>Une th\u00e9rapie qui facilite le&nbsp;changement par l\u2019exp\u00e9rimentation<\/strong><\/h2>\n\n\n<div class=\"wp-block-image\">\n<figure class=\"alignright\"><img loading=\"lazy\" decoding=\"async\" width=\"300\" height=\"199\" src=\"https:\/\/antoine-blouet-psychotherapie.fr\/wp-content\/uploads\/2017\/09\/Resoudre-ses-problemes-psychologiques-300x199.jpg\" alt=\"R\u00e9soudre ses probl\u00e8mes psychologiques\" class=\"wp-image-290\" srcset=\"https:\/\/antoine-blouet-psychotherapie.fr\/wp-content\/uploads\/2017\/09\/Resoudre-ses-problemes-psychologiques-300x199.jpg 300w, https:\/\/antoine-blouet-psychotherapie.fr\/wp-content\/uploads\/2017\/09\/Resoudre-ses-problemes-psychologiques.jpg 640w\" sizes=\"auto, (max-width: 300px) 100vw, 300px\"><\/figure>\n<\/div>\n\n\n<p><br>La Gestalt-th\u00e9\u00adra\u00adpie ne vise pas uni\u00adque\u00adment \u00e0 expli\u00adquer les pro\u00adbl\u00e8mes mais pro\u00adpose d\u2019ex\u00adp\u00e9\u00adri\u00admen\u00adter des pistes de solu\u00adtion. Apr\u00e8s un temps pen\u00addant lequel le client et le th\u00e9\u00adra\u00adpeute font connais\u00adsance, une fois que le lien th\u00e9\u00adra\u00adpeu\u00adtique est \u00e9ta\u00adbli, le th\u00e9\u00adra\u00adpeute peut pro\u00adpo\u00adser au client d\u2019ex\u00adp\u00e9\u00adri\u00admen\u00adter des situa\u00adtions de vie que celui-ci d\u00e9crit. L\u2019exp\u00e9rimentation, dans le cadre s\u00e9cu\u00adri\u00ads\u00e9 du cabi\u00adnet, per\u00admet de d\u00e9cou\u00advrir de nou\u00advelles fa\u00e7ons de faire et d\u2019\u00eatre. Celles-ci peuvent ensuite \u00eatre tes\u00adt\u00e9es dans la vie cou\u00adrante. Progressivement, des chan\u00adge\u00adments se mettent en place et s\u2019ins\u00adcrivent en profondeur.<\/p>\n\n\n\n<h2 class=\"wp-block-heading\"><strong>Une th\u00e9rapie \u00ab&nbsp;holistique&nbsp;\u00bb<\/strong><\/h2>\n\n\n<div class=\"wp-block-image\">\n<figure class=\"alignright\"><img loading=\"lazy\" decoding=\"async\" width=\"300\" height=\"300\" src=\"https:\/\/antoine-blouet-psychotherapie.fr\/wp-content\/uploads\/2017\/09\/Gestalt-therapie-une-psychotherapie-holistique-300x300.jpg\" alt=\"Gestalt-th\u00e9rapie une psychoth\u00e9rapie holistique\" class=\"wp-image-288\" srcset=\"https:\/\/antoine-blouet-psychotherapie.fr\/wp-content\/uploads\/2017\/09\/Gestalt-therapie-une-psychotherapie-holistique-300x300.jpg 300w, https:\/\/antoine-blouet-psychotherapie.fr\/wp-content\/uploads\/2017\/09\/Gestalt-therapie-une-psychotherapie-holistique-150x150.jpg 150w, https:\/\/antoine-blouet-psychotherapie.fr\/wp-content\/uploads\/2017\/09\/Gestalt-therapie-une-psychotherapie-holistique.jpg 640w\" sizes=\"auto, (max-width: 300px) 100vw, 300px\"><\/figure>\n<\/div>\n\n\n<p><br>La Gestalt-th\u00e9\u00adra\u00adpie mobi\u00adlise l\u2019en\u00adsemble de la per\u00adsonne dans ses dimen\u00adsions intel\u00adlec\u00adtuelle et cog\u00adni\u00adtive mais aus\u00adsi \u00e9mo\u00adtion\u00adnelle et cor\u00adpo\u00adrelle (t\u00eate\/\u200bc\u0153ur\/\u200bcorps \u00e9tant indis\u00adso\u00adlu\u00adble\u00adment li\u00e9s). Elle peut prendre en compte tous les niveaux de contact du sujet&nbsp;: contact avec lui-m\u00eame, contact avec les sph\u00e8res affec\u00adtive et fami\u00adliale, pro\u00adfes\u00adsion\u00adnelle, sociale, spi\u00adri\u00adtuelle. En ce sens elle est une psy\u00adcho\u00adth\u00e9\u00adra\u00adpie holis\u00adtique (du grec \u00ab&nbsp;holos&nbsp;\u00bb, entier).<\/p>\n\n\n\n<h2 class=\"wp-block-heading\"><strong>Une th\u00e9rapie de l\u2019ici et maintenant<\/strong><\/h2>\n\n\n<div class=\"wp-block-image\">\n<figure class=\"alignright\"><img loading=\"lazy\" decoding=\"async\" width=\"248\" height=\"300\" src=\"https:\/\/antoine-blouet-psychotherapie.fr\/wp-content\/uploads\/2016\/11\/cropped-png_tree_by_paradise234-d5c5lob-Copie-1-248x300.png\" alt=\"cropped-png_tree_by_paradise234-d5c5lob-Copie-1.png\" class=\"wp-image-30\"><\/figure>\n<\/div>\n\n\n<p><br>Elle met l\u2019ac\u00adcent sur la prise de conscience de l\u2019ex\u00adp\u00e9\u00adrience actuelle (\u00ab&nbsp;l\u2019i\u00adci et main\u00adte\u00adnant&nbsp;\u00bb&nbsp;\u2013 qui peut englo\u00adber l\u2019\u00e9\u00adcho d\u2019un v\u00e9cu ancien) et r\u00e9ha\u00adbi\u00adlite le res\u00adsen\u00adti \u00e9mo\u00adtion\u00adnel et cor\u00adpo\u00adrel, trop sou\u00advent cen\u00adsu\u00adr\u00e9 dans notre culture.<br>En Gestalt-th\u00e9\u00adra\u00adpie, l\u2019anamn\u00e8se (le tra\u00advail sur l\u2019histoire per\u00adson\u00adnelle et son inter\u00adpr\u00e9\u00adta\u00adtion) est beau\u00adcoup moins cen\u00adtrale que dans cer\u00adtaines autres psychoth\u00e9rapies.<\/p>\n\n\n\n<h2 class=\"wp-block-heading\"><strong>Une th\u00e9rapie de la relation par la relation<\/strong><\/h2>\n\n\n<div class=\"wp-block-image\">\n<figure class=\"alignleft\"><img loading=\"lazy\" decoding=\"async\" width=\"300\" height=\"188\" src=\"https:\/\/antoine-blouet-psychotherapie.fr\/wp-content\/uploads\/2017\/09\/Difficultes-relationnelles-300x188.jpg\" alt=\"Difficult\u00e9s relationnelles\" class=\"wp-image-289\" srcset=\"https:\/\/antoine-blouet-psychotherapie.fr\/wp-content\/uploads\/2017\/09\/Difficultes-relationnelles-300x188.jpg 300w, https:\/\/antoine-blouet-psychotherapie.fr\/wp-content\/uploads\/2017\/09\/Difficultes-relationnelles.jpg 640w\" sizes=\"auto, (max-width: 300px) 100vw, 300px\"><\/figure>\n<\/div>\n\n\n<p><br>Au cours des s\u00e9ances, l\u2019at\u00adten\u00adtion est por\u00adt\u00e9e notam\u00adment sur la rela\u00adtion entre le th\u00e9\u00adra\u00adpeute et son client, qui refl\u00e8te bien sou\u00advent les rela\u00adtions de celui-ci avec son envi\u00adron\u00adne\u00adment. Cela per\u00admet la prise de conscience de conduites r\u00e9p\u00e9\u00adti\u00adtives et p\u00e9ri\u00adm\u00e9es dans les\u00adquelles le sujet s\u2019est enfer\u00adm\u00e9 et qui sont sou\u00advent \u00e0 l\u2019o\u00adri\u00adgine de blo\u00adcages et de souffrances.<\/p>\n\n\n\n<h2 class=\"wp-block-heading\"><strong>Historique et fondements th\u00e9oriques<\/strong><\/h2>\n\n\n<div class=\"wp-block-image\">\n<figure class=\"alignleft\"><img loading=\"lazy\" decoding=\"async\" width=\"300\" height=\"201\" src=\"https:\/\/antoine-blouet-psychotherapie.fr\/wp-content\/uploads\/2017\/09\/Developpement-personnel-velizy-versailles-chaville-viroflay-300x201.jpg\" alt=\"D\u00e9veloppement personnel V\u00e9lizy Versailles Chaville Viroflay\" class=\"wp-image-305\" srcset=\"https:\/\/antoine-blouet-psychotherapie.fr\/wp-content\/uploads\/2017\/09\/Developpement-personnel-velizy-versailles-chaville-viroflay-300x201.jpg 300w, https:\/\/antoine-blouet-psychotherapie.fr\/wp-content\/uploads\/2017\/09\/Developpement-personnel-velizy-versailles-chaville-viroflay.jpg 640w\" sizes=\"auto, (max-width: 300px) 100vw, 300px\"><\/figure>\n<\/div>\n\n\n<p><br>La Gestalt-th\u00e9\u00adra\u00adpie a \u00e9t\u00e9 fon\u00add\u00e9e dans les ann\u00e9es 50 par un groupe d\u2019Allemands et d\u2019Am\u00e9ricains. Elle se rat\u00adtache au cou\u00adrant des psy\u00adcho\u00adth\u00e9\u00adra\u00adpies huma\u00adnistes qui pr\u00f4nent la confiance dans la capa\u00adci\u00adt\u00e9 de crois\u00adsance de l\u2019\u00eatre humain. De par l\u2019in\u00adfluence des dif\u00adf\u00e9\u00adrentes per\u00adson\u00adna\u00adli\u00adt\u00e9s du groupe fon\u00adda\u00adteur, elle se situe au car\u00adre\u00adfour de plu\u00adsieurs cou\u00adrants euro\u00adp\u00e9ens, am\u00e9\u00adri\u00adcains et orien\u00adtaux&nbsp;: psy\u00adcha\u00adna\u00adlyse, approches ph\u00e9\u00adno\u00adm\u00e9\u00adno\u00adlo\u00adgique et exis\u00adten\u00adtielle, psy\u00adcho\u00addrame, th\u00e9\u00adra\u00adpies psy\u00adcho\u00adcor\u00adpo\u00adrelles d\u2019ins\u00adpi\u00adra\u00adtion rei\u00adchienne, phi\u00adlo\u00adso\u00adphies orien\u00adtales.<br>Elle se pra\u00adtique en s\u00e9ances indi\u00advi\u00adduelles, en th\u00e9\u00adra\u00adpie de groupe, en th\u00e9\u00adra\u00adpie de couple et en th\u00e9\u00adra\u00adpie familliale.<\/p>\n\n\n\n<h2 class=\"wp-block-heading\"><strong>La Gestalt-th\u00e9rapie en France<\/strong><\/h2>\n\n\n<div class=\"wp-block-image\">\n<figure class=\"alignright\"><img loading=\"lazy\" decoding=\"async\" width=\"300\" height=\"200\" src=\"https:\/\/antoine-blouet-psychotherapie.fr\/wp-content\/uploads\/2017\/09\/Psychotherapie-velizy-versailles-chaville-viroflay-300x200.jpg\" alt=\"Psychoth\u00e9rapie V\u00e9lizy Versailles Chaville Viroflay\" class=\"wp-image-293\" srcset=\"https:\/\/antoine-blouet-psychotherapie.fr\/wp-content\/uploads\/2017\/09\/Psychotherapie-velizy-versailles-chaville-viroflay-300x200.jpg 300w, https:\/\/antoine-blouet-psychotherapie.fr\/wp-content\/uploads\/2017\/09\/Psychotherapie-velizy-versailles-chaville-viroflay.jpg 640w\" sizes=\"auto, (max-width: 300px) 100vw, 300px\"><\/figure>\n<\/div>\n\n\n<p><br>Arriv\u00e9e en France dans les ann\u00e9es 70, la Gestalt-th\u00e9\u00adra\u00adpie n\u2019a ces\u00ads\u00e9 de s\u2019y d\u00e9ve\u00adlop\u00adper depuis. Aujourd\u2019hui, plu\u00adsieurs mil\u00adliers de th\u00e9\u00adra\u00adpeutes exercent ce mode de th\u00e9\u00adra\u00adpie en France, en cabi\u00adnet lib\u00e9\u00adral ou en ins\u00adti\u00adtu\u00adtion. Elle est notam\u00adment por\u00adt\u00e9e par deux asso\u00adcia\u00adtions pro\u00adfes\u00adsion\u00adnelles&nbsp;: le <a href=\"http:\/\/www.cegt.org\/\" target=\"_blank\" rel=\"noopener noreferrer\">Coll\u00e8ge euro\u00adp\u00e9en de Gestalt-th\u00e9\u00adra\u00adpie<\/a> et la <a href=\"http:\/\/www.sfg-gestalt.com\/\" target=\"_blank\" rel=\"noopener noreferrer\">Soci\u00e9t\u00e9 fran\u00ad\u00e7aise de Gestalt<\/a>. Cette der\u00adni\u00e8re est membre de la <a href=\"http:\/\/www.ff2p.fr\/\" target=\"_blank\" rel=\"noopener noreferrer\">F\u00e9d\u00e9ration fran\u00ad\u00e7aise de psy\u00adcho\u00adth\u00e9\u00adra\u00adpie et psy\u00adcha\u00adna\u00adlyse<\/a> (<span class=\"caps\">FF2P<\/span>).<br>La Gestalt-th\u00e9\u00adra\u00adpie est ensei\u00adgn\u00e9e dans une dou\u00adzaine d\u2019organismes de for\u00adma\u00adtion et, en plus de nom\u00adbreux livres trai\u00adtant de cette psy\u00adcho\u00adth\u00e9\u00adra\u00adpie (voir ici <a href=\"https:\/\/www.cegt.org\/la-gestalt-therapie\/#biblio\" target=\"_blank\" rel=\"noreferrer noopener\">quelques exemples<\/a>), deux revues pro\u00adfes\u00adsion\u00adnelles lui sont consa\u00adcr\u00e9es (<a href=\"https:\/\/www.cairn.info\/revue-cahiers-de-gestalt-therapie.htm\" target=\"_blank\" rel=\"noopener noreferrer\"><em>Les Cahiers de Gestalt-th\u00e9\u00adra\u00adpie<\/em><\/a> et <a href=\"https:\/\/www.cairn.info\/revue-gestalt.htm\" target=\"_blank\" rel=\"noopener noreferrer\"><em>Gestalt<\/em><\/a>).<\/p>\n\n\n\n<h3 class=\"wp-block-heading\"><strong>Pour en savoir plus<\/strong><\/h3>\n\n\n\n<p><br><a href=\"https:\/\/www.epg-gestalt.fr\/a-propos\/gestalt-definition\" target=\"_blank\" rel=\"noopener\">Le site de l\u2019Ecole Parisienne de Gestalt<\/a> (<span class=\"caps\">EPG<\/span>) pro\u00adpose une page sur l\u2019his\u00adtoire et la th\u00e9o\u00adrie de la Gestalt-th\u00e9\u00adra\u00adpie ain\u00adsi qu\u2019une biblio\u00adgra\u00adphie.<br>Voir aus\u00adsi <a href=\"https:\/\/antoine-blouet-psychotherapie.fr\/index.php\/ma-pratique-de-la-psychotherapie\/\">ma pra\u00adtique de la psy\u00adcho\u00adth\u00e9\u00adra\u00adpie<\/a>.<\/p>\n\n\n\n<p><\/p>\n","protected":false},"excerpt":{"rendered":"<p>Je pra\u00adtique la Gestalt-th\u00e9\u00ad\u00adra\u00ad\u00adpie, une des nom\u00adbreuses formes de psy\u00adcho\u00adth\u00e9\u00adra\u00adpies exis\u00adtant actuel\u00adle\u00adment en France. Une th\u00e9\u00adra\u00adpie qui faci\u00adlite le&nbsp;chan\u00adge\u00adment par l\u2019exp\u00e9rimentation La Gestalt-th\u00e9\u00ad\u00adra\u00ad\u00adpie ne vise pas uni\u00adque\u00adment \u00e0 expli\u00adquer les pro\u00adbl\u00e8mes mais pro\u00adpose d\u2019ex\u00adp\u00e9\u00adri\u00admen\u00adter des pistes de solu\u00adtion. Apr\u00e8s un temps pen\u00addant lequel le client et le th\u00e9\u00adra\u00adpeute font connais\u00adsance, une fois que le lien \u2026 <a href=\"https:\/\/antoine-blouet-psychotherapie.fr\/index.php\/quest-ce-que-la-gestalt-therapie\/\" class=\"more-link\">Continuer la lec\u00adture de <span class=\"screen-reader-text\">La Gestalt-th\u00e9\u00adra\u00adpie<\/span><\/a><\/p>\n","protected":false},"author":1,"featured_media":0,"parent":0,"menu_order":0,"comment_status":"closed","ping_status":"closed","template":"","meta":{"wp_typography_post_enhancements_disabled":false,"footnotes":""},"class_list":["post-47","page","type-page","status-publish","hentry"],"yoast_head":"<!-- This site is optimized with the Yoast SEO plugin v27.5 - https:\/\/yoast.com\/product\/yoast-seo-wordpress\/ -->\n<title>La Gestalt-th\u00e9rapie - Antoine Blouet Psychoth\u00e9rapie<\/title>\n<meta name=\"description\" content=\"Qu&#039;est-ce que la Gestalt-th\u00e9rapie : une th\u00e9rapie de la relation par la relation qui favorise le changement par l&#039;exp\u00e9rimentation.\" \/>\n<meta name=\"robots\" content=\"index, follow, max-snippet:-1, max-image-preview:large, max-video-preview:-1\" \/>\n<link rel=\"canonical\" href=\"https:\/\/antoine-blouet-psychotherapie.fr\/index.php\/quest-ce-que-la-gestalt-therapie\/\" \/>\n<meta property=\"og:locale\" content=\"fr_FR\" \/>\n<meta property=\"og:type\" content=\"article\" \/>\n<meta property=\"og:title\" content=\"La Gestalt-th\u00e9rapie - Antoine Blouet Psychoth\u00e9rapie\" \/>\n<meta property=\"og:description\" content=\"Qu&#039;est-ce que la Gestalt-th\u00e9rapie : une th\u00e9rapie de la relation par la relation qui favorise le changement par l&#039;exp\u00e9rimentation.\" \/>\n<meta property=\"og:url\" content=\"https:\/\/antoine-blouet-psychotherapie.fr\/index.php\/quest-ce-que-la-gestalt-therapie\/\" \/>\n<meta property=\"og:site_name\" content=\"Antoine Blouet Psychoth\u00e9rapie\" \/>\n<meta property=\"article:modified_time\" content=\"2025-09-03T17:07:03+00:00\" \/>\n<meta property=\"og:image\" content=\"https:\/\/antoine-blouet-psychotherapie.fr\/wp-content\/uploads\/2017\/09\/Resoudre-ses-problemes-psychologiques.jpg\" \/>\n\t<meta property=\"og:image:width\" content=\"640\" \/>\n\t<meta property=\"og:image:height\" content=\"425\" \/>\n\t<meta property=\"og:image:type\" content=\"image\/jpeg\" \/>\n<meta name=\"twitter:card\" content=\"summary_large_image\" \/>\n<meta name=\"twitter:label1\" content=\"Dur\u00e9e de lecture estim\u00e9e\" \/>\n\t<meta name=\"twitter:data1\" content=\"4 minutes\" \/>\n<script type=\"application\/ld+json\" class=\"yoast-schema-graph\">{\"@context\":\"https:\\\/\\\/schema.org\",\"@graph\":[{\"@type\":\"WebPage\",\"@id\":\"https:\\\/\\\/antoine-blouet-psychotherapie.fr\\\/index.php\\\/quest-ce-que-la-gestalt-therapie\\\/\",\"url\":\"https:\\\/\\\/antoine-blouet-psychotherapie.fr\\\/index.php\\\/quest-ce-que-la-gestalt-therapie\\\/\",\"name\":\"La Gestalt-th\u00e9rapie - Antoine Blouet Psychoth\u00e9rapie\",\"isPartOf\":{\"@id\":\"https:\\\/\\\/antoine-blouet-psychotherapie.fr\\\/#website\"},\"primaryImageOfPage\":{\"@id\":\"https:\\\/\\\/antoine-blouet-psychotherapie.fr\\\/index.php\\\/quest-ce-que-la-gestalt-therapie\\\/#primaryimage\"},\"image\":{\"@id\":\"https:\\\/\\\/antoine-blouet-psychotherapie.fr\\\/index.php\\\/quest-ce-que-la-gestalt-therapie\\\/#primaryimage\"},\"thumbnailUrl\":\"https:\\\/\\\/antoine-blouet-psychotherapie.fr\\\/wp-content\\\/uploads\\\/2017\\\/09\\\/Resoudre-ses-problemes-psychologiques-300x199.jpg\",\"datePublished\":\"2016-11-11T19:04:26+00:00\",\"dateModified\":\"2025-09-03T17:07:03+00:00\",\"description\":\"Qu'est-ce que la Gestalt-th\u00e9rapie : une th\u00e9rapie de la relation par la relation qui favorise le changement par l'exp\u00e9rimentation.\",\"breadcrumb\":{\"@id\":\"https:\\\/\\\/antoine-blouet-psychotherapie.fr\\\/index.php\\\/quest-ce-que-la-gestalt-therapie\\\/#breadcrumb\"},\"inLanguage\":\"fr-FR\",\"potentialAction\":[{\"@type\":\"ReadAction\",\"target\":[\"https:\\\/\\\/antoine-blouet-psychotherapie.fr\\\/index.php\\\/quest-ce-que-la-gestalt-therapie\\\/\"]}]},{\"@type\":\"ImageObject\",\"inLanguage\":\"fr-FR\",\"@id\":\"https:\\\/\\\/antoine-blouet-psychotherapie.fr\\\/index.php\\\/quest-ce-que-la-gestalt-therapie\\\/#primaryimage\",\"url\":\"https:\\\/\\\/antoine-blouet-psychotherapie.fr\\\/wp-content\\\/uploads\\\/2017\\\/09\\\/Resoudre-ses-problemes-psychologiques.jpg\",\"contentUrl\":\"https:\\\/\\\/antoine-blouet-psychotherapie.fr\\\/wp-content\\\/uploads\\\/2017\\\/09\\\/Resoudre-ses-problemes-psychologiques.jpg\",\"width\":640,\"height\":425,\"caption\":\"R\u00e9soudre ses probl\u00e8mes psychologiques\"},{\"@type\":\"BreadcrumbList\",\"@id\":\"https:\\\/\\\/antoine-blouet-psychotherapie.fr\\\/index.php\\\/quest-ce-que-la-gestalt-therapie\\\/#breadcrumb\",\"itemListElement\":[{\"@type\":\"ListItem\",\"position\":1,\"name\":\"Accueil\",\"item\":\"https:\\\/\\\/antoine-blouet-psychotherapie.fr\\\/\"},{\"@type\":\"ListItem\",\"position\":2,\"name\":\"La Gestalt-th\u00e9rapie\"}]},{\"@type\":\"WebSite\",\"@id\":\"https:\\\/\\\/antoine-blouet-psychotherapie.fr\\\/#website\",\"url\":\"https:\\\/\\\/antoine-blouet-psychotherapie.fr\\\/\",\"name\":\"Antoine Blouet Psychoth\u00e9rapie\",\"description\":\"Se faire accompagner, un pas vers le changement\",\"potentialAction\":[{\"@type\":\"SearchAction\",\"target\":{\"@type\":\"EntryPoint\",\"urlTemplate\":\"https:\\\/\\\/antoine-blouet-psychotherapie.fr\\\/?s={search_term_string}\"},\"query-input\":{\"@type\":\"PropertyValueSpecification\",\"valueRequired\":true,\"valueName\":\"search_term_string\"}}],\"inLanguage\":\"fr-FR\"}]}<\/script>\n<!-- \/ Yoast SEO plugin. -->","yoast_head_json":{"title":"La Gestalt-th\u00e9rapie - Antoine Blouet Psychoth\u00e9rapie","description":"Qu'est-ce que la Gestalt-th\u00e9rapie : une th\u00e9rapie de la relation par la relation qui favorise le changement par l'exp\u00e9rimentation.","robots":{"index":"index","follow":"follow","max-snippet":"max-snippet:-1","max-image-preview":"max-image-preview:large","max-video-preview":"max-video-preview:-1"},"canonical":"https:\/\/antoine-blouet-psychotherapie.fr\/index.php\/quest-ce-que-la-gestalt-therapie\/","og_locale":"fr_FR","og_type":"article","og_title":"La Gestalt-th\u00e9rapie - Antoine Blouet Psychoth\u00e9rapie","og_description":"Qu'est-ce que la Gestalt-th\u00e9rapie : une th\u00e9rapie de la relation par la relation qui favorise le changement par l'exp\u00e9rimentation.","og_url":"https:\/\/antoine-blouet-psychotherapie.fr\/index.php\/quest-ce-que-la-gestalt-therapie\/","og_site_name":"Antoine Blouet Psychoth\u00e9rapie","article_modified_time":"2025-09-03T17:07:03+00:00","og_image":[{"width":640,"height":425,"url":"https:\/\/antoine-blouet-psychotherapie.fr\/wp-content\/uploads\/2017\/09\/Resoudre-ses-problemes-psychologiques.jpg","type":"image\/jpeg"}],"twitter_card":"summary_large_image","twitter_misc":{"Dur\u00e9e de lecture estim\u00e9e":"4 minutes"},"schema":{"@context":"https:\/\/schema.org","@graph":[{"@type":"WebPage","@id":"https:\/\/antoine-blouet-psychotherapie.fr\/index.php\/quest-ce-que-la-gestalt-therapie\/","url":"https:\/\/antoine-blouet-psychotherapie.fr\/index.php\/quest-ce-que-la-gestalt-therapie\/","name":"La Gestalt-th\u00e9rapie - Antoine Blouet Psychoth\u00e9rapie","isPartOf":{"@id":"https:\/\/antoine-blouet-psychotherapie.fr\/#website"},"primaryImageOfPage":{"@id":"https:\/\/antoine-blouet-psychotherapie.fr\/index.php\/quest-ce-que-la-gestalt-therapie\/#primaryimage"},"image":{"@id":"https:\/\/antoine-blouet-psychotherapie.fr\/index.php\/quest-ce-que-la-gestalt-therapie\/#primaryimage"},"thumbnailUrl":"https:\/\/antoine-blouet-psychotherapie.fr\/wp-content\/uploads\/2017\/09\/Resoudre-ses-problemes-psychologiques-300x199.jpg","datePublished":"2016-11-11T19:04:26+00:00","dateModified":"2025-09-03T17:07:03+00:00","description":"Qu'est-ce que la Gestalt-th\u00e9rapie : une th\u00e9rapie de la relation par la relation qui favorise le changement par l'exp\u00e9rimentation.","breadcrumb":{"@id":"https:\/\/antoine-blouet-psychotherapie.fr\/index.php\/quest-ce-que-la-gestalt-therapie\/#breadcrumb"},"inLanguage":"fr-FR","potentialAction":[{"@type":"ReadAction","target":["https:\/\/antoine-blouet-psychotherapie.fr\/index.php\/quest-ce-que-la-gestalt-therapie\/"]}]},{"@type":"ImageObject","inLanguage":"fr-FR","@id":"https:\/\/antoine-blouet-psychotherapie.fr\/index.php\/quest-ce-que-la-gestalt-therapie\/#primaryimage","url":"https:\/\/antoine-blouet-psychotherapie.fr\/wp-content\/uploads\/2017\/09\/Resoudre-ses-problemes-psychologiques.jpg","contentUrl":"https:\/\/antoine-blouet-psychotherapie.fr\/wp-content\/uploads\/2017\/09\/Resoudre-ses-problemes-psychologiques.jpg","width":640,"height":425,"caption":"R\u00e9soudre ses probl\u00e8mes psychologiques"},{"@type":"BreadcrumbList","@id":"https:\/\/antoine-blouet-psychotherapie.fr\/index.php\/quest-ce-que-la-gestalt-therapie\/#breadcrumb","itemListElement":[{"@type":"ListItem","position":1,"name":"Accueil","item":"https:\/\/antoine-blouet-psychotherapie.fr\/"},{"@type":"ListItem","position":2,"name":"La Gestalt-th\u00e9rapie"}]},{"@type":"WebSite","@id":"https:\/\/antoine-blouet-psychotherapie.fr\/#website","url":"https:\/\/antoine-blouet-psychotherapie.fr\/","name":"Antoine Blouet Psychoth\u00e9rapie","description":"Se faire accompagner, un pas vers le changement","potentialAction":[{"@type":"SearchAction","target":{"@type":"EntryPoint","urlTemplate":"https:\/\/antoine-blouet-psychotherapie.fr\/?s={search_term_string}"},"query-input":{"@type":"PropertyValueSpecification","valueRequired":true,"valueName":"search_term_string"}}],"inLanguage":"fr-FR"}]}},"_links":{"self":[{"href":"https:\/\/antoine-blouet-psychotherapie.fr\/index.php\/wp-json\/wp\/v2\/pages\/47","targetHints":{"allow":["GET"]}}],"collection":[{"href":"https:\/\/antoine-blouet-psychotherapie.fr\/index.php\/wp-json\/wp\/v2\/pages"}],"about":[{"href":"https:\/\/antoine-blouet-psychotherapie.fr\/index.php\/wp-json\/wp\/v2\/types\/page"}],"author":[{"embeddable":true,"href":"https:\/\/antoine-blouet-psychotherapie.fr\/index.php\/wp-json\/wp\/v2\/users\/1"}],"replies":[{"embeddable":true,"href":"https:\/\/antoine-blouet-psychotherapie.fr\/index.php\/wp-json\/wp\/v2\/comments?post=47"}],"version-history":[{"count":38,"href":"https:\/\/antoine-blouet-psychotherapie.fr\/index.php\/wp-json\/wp\/v2\/pages\/47\/revisions"}],"predecessor-version":[{"id":743,"href":"https:\/\/antoine-blouet-psychotherapie.fr\/index.php\/wp-json\/wp\/v2\/pages\/47\/revisions\/743"}],"wp:attachment":[{"href":"https:\/\/antoine-blouet-psychotherapie.fr\/index.php\/wp-json\/wp\/v2\/media?parent=47"}],"curies":[{"name":"wp","href":"https:\/\/api.w.org\/{rel}","templated":true}]}}